{"id":5322,"date":"2018-08-01T11:04:32","date_gmt":"2018-08-01T09:04:32","guid":{"rendered":"https:\/\/ld-wp73.template-help.com\/monstroid2\/v2\/default\/?page_id=5322"},"modified":"2024-07-22T14:01:48","modified_gmt":"2024-07-22T12:01:48","slug":"publikujeme","status":"publish","type":"page","link":"https:\/\/thinktopaz.cz\/en\/publikujeme\/","title":{"rendered":"PUBLICATIONS"},"content":{"rendered":"<div data-elementor-type=\"wp-post\" data-elementor-id=\"5322\" class=\"elementor elementor-5322\" data-elementor-post-type=\"page\">\n\t\t\t\t\t\t<section class=\"elementor-section elementor-top-section elementor-element elementor-element-a4a5c29 elementor-section-boxed elementor-section-height-default elementor-section-height-default\" data-id=\"a4a5c29\" data-element_type=\"section\" data-e-type=\"section\" data-settings=\"{&quot;jet_parallax_layout_list&quot;:[]}\">\n\t\t\t\t\t\t<div class=\"elementor-container elementor-column-gap-default\">\n\t\t\t\t\t<div class=\"elementor-column elementor-col-100 elementor-top-column elementor-element elementor-element-6fa7e31\" data-id=\"6fa7e31\" data-element_type=\"column\" data-e-type=\"column\" data-settings=\"{&quot;background_background&quot;:&quot;classic&quot;}\">\n\t\t\t<div class=\"elementor-widget-wrap elementor-element-populated\">\n\t\t\t\t\t\t<div class=\"elementor-element elementor-element-1edbd12 elementor-widget elementor-widget-heading\" data-id=\"1edbd12\" data-element_type=\"widget\" data-e-type=\"widget\" data-widget_type=\"heading.default\">\n\t\t\t\t<div class=\"elementor-widget-container\">\n\t\t\t\t\t<h1 class=\"elementor-heading-title elementor-size-default\">We Publish<\/h1>\t\t\t\t<\/div>\n\t\t\t\t<\/div>\n\t\t\t\t<div class=\"elementor-element elementor-element-5252c72 jet-nav-align-flex-start elementor-widget elementor-widget-jet-nav-menu\" data-id=\"5252c72\" data-element_type=\"widget\" data-e-type=\"widget\" data-widget_type=\"jet-nav-menu.default\">\n\t\t\t\t<div class=\"elementor-widget-container\">\n\t\t\t\t\t<nav class=\"jet-nav-wrap m-layout-mobile jet-mobile-menu jet-mobile-menu--default\" data-mobile-trigger-device=\"mobile\" data-mobile-layout=\"default\">\r\n<div class=\"jet-nav__mobile-trigger jet-nav-mobile-trigger-align-left\">\r\n\t<span class=\"jet-nav__mobile-trigger-open jet-blocks-icon\"><i aria-hidden=\"true\" class=\"fas fa-bars\"><\/i><\/span>\t<span class=\"jet-nav__mobile-trigger-close jet-blocks-icon\"><i aria-hidden=\"true\" class=\"fas fa-times\"><\/i><\/span><\/div><div class=\"menu-menu-publika-a-vystupy-container\"><div class=\"jet-nav m-layout-mobile jet-nav--horizontal\"><div class=\"menu-item menu-item-type-taxonomy menu-item-object-category jet-nav__item-20093 jet-nav__item\"><a href=\"https:\/\/thinktopaz.cz\/en\/category\/publikace\/\" class=\"menu-item-link menu-item-link-depth-0 menu-item-link-top\"><span class=\"jet-nav-link-text\">PUBLICATIONS<\/span><\/a><\/div>\n<div class=\"menu-item menu-item-type-taxonomy menu-item-object-category jet-nav__item-20092 jet-nav__item\"><a href=\"https:\/\/thinktopaz.cz\/en\/category\/policy-papers\/\" class=\"menu-item-link menu-item-link-depth-0 menu-item-link-top\"><span class=\"jet-nav-link-text\">POLICY PAPERS<\/span><\/a><\/div>\n<div class=\"menu-item menu-item-type-taxonomy menu-item-object-category jet-nav__item-21480 jet-nav__item\"><a href=\"https:\/\/thinktopaz.cz\/en\/category\/cena-karla-schwarzenberga\/\" class=\"menu-item-link menu-item-link-depth-0 menu-item-link-top\"><span class=\"jet-nav-link-text\">THE KAREL SCHWARZENBERG AWARD<\/span><\/a><\/div>\n<\/div><\/div><\/nav>\t\t\t\t<\/div>\n\t\t\t\t<\/div>\n\t\t\t\t<div class=\"elementor-element elementor-element-56254b0 elementor-widget elementor-widget-shortcode\" data-id=\"56254b0\" data-element_type=\"widget\" data-e-type=\"widget\" data-widget_type=\"shortcode.default\">\n\t\t\t\t<div class=\"elementor-widget-container\">\n\t\t\t\t\t\t\t<div class=\"elementor-shortcode\">\t\r\n\t\t<div class=\"pld-post-list pld-design-1 pld-clearfix\">\r\n\t\t\t\r\n\t\t\t<div class=\"pld-post-list-inr\">\t\r\n\t<div class=\"pld-post-list-content pld-clearfix\">\r\n\t\t\t\t<div class=\"pld-left-columns pld-medium-6 pld-columns\">\r\n\t\t\t<div class=\"pld-post-image-bg\">\r\n\t\t\t\t<a href=\"https:\/\/thinktopaz.cz\/en\/2026\/04\/28\/nova-publikace-topaz-silna-evropa-v-casech-krize\/\">\r\n\t\t\t\t\t<img decoding=\"async\" src=\"https:\/\/thinktopaz.cz\/wp-content\/uploads\/2026\/04\/Responding-to-Crises-in-Europe-3-768x768.png\" alt=\"Nov\u00e1\u00a0publikace\u00a0TOPAZ:\u00a0Siln\u00e1\u00a0Evropa v\u00a0\u010dasech\u00a0krize\u00a0\" \/>\r\n\t\t\t\t<\/a>\r\n\t\t\t<\/div>\r\n\t\t<\/div>\r\n\t\t\t\t<div class=\"pld-right-columns pld-medium-6 pld-columns\">\r\n\t\t\t\t\t\t<h2 class=\"pld-post-title\">\t\t\r\n\t\t\t\t<a href=\"https:\/\/thinktopaz.cz\/en\/2026\/04\/28\/nova-publikace-topaz-silna-evropa-v-casech-krize\/\">Nov\u00e1\u00a0publikace\u00a0TOPAZ:\u00a0Siln\u00e1\u00a0Evropa v\u00a0\u010dasech\u00a0krize\u00a0<\/a>\r\n\t\t\t<\/h2>\r\n\t\t\t\t\t\t\t<div class=\"pld-post-meta\">\r\n\t\t\t\t\t28. April 2026\t\t\t\t<\/div>\r\n\t\t\t\t\t\r\n\t\t\t\t<div class=\"pld-post-content\">\t\t\t\t\r\n\t\t\t\t\t<div class=\"pld-post-content-inner\">\r\n\t\t\t\t\t\tTOPAZ&nbsp;letos&nbsp;vyd\u00e1v\u00e1&nbsp;novou&nbsp;publikaci&nbsp;ve&nbsp;splupr\u00e1ci&nbsp;s&nbsp;bruselk\u00fdm&nbsp;think&nbsp;tankem&nbsp;Wilfried Martens Centre for European Studies,&nbsp;rakousk\u00fdm&nbsp;think&nbsp;tankem&nbsp;Campus Tivoli a&nbsp;litevsk\u00fdm&nbsp;think&nbsp;tankem&nbsp;Institute of European Right.&nbsp;&nbsp; Kapitoly&nbsp;publikace&nbsp;s&nbsp;n\u00e1zvem&nbsp;Siln\u00e1&nbsp;Evropa v&nbsp;\u010dasech&nbsp;krize&nbsp;vznikaly&nbsp;v&nbsp;dob\u011b&nbsp;prohlubuj\u00edc\u00ed&nbsp;se&nbsp;krize&nbsp;evropsk\u00e9ho&nbsp;bezpe\u010dnostn\u00edho&nbsp;\u0159\u00e1du.&nbsp;Rusk\u00e1&nbsp;invaze&nbsp;na&nbsp;Ukrajinu&nbsp;v&nbsp;\u00fanoru&nbsp;2022&nbsp;nejen\u017ee&nbsp;z\u00e1sadn\u011b&nbsp;prom\u011bnila&nbsp;parametry&nbsp;konven\u010dn\u00edhovojensk\u00e9ho&nbsp;odstra\u0161ov\u00e1n\u00ed, ale&nbsp;odhalila&nbsp;struktur\u00e1ln\u00ed&nbsp;zranitelnosti,&nbsp;kter\u00e9&nbsp;se&nbsp;hromadily&nbsp;v\u00edce&nbsp;ne\u017e&nbsp;t\u0159i&nbsp;desetilet\u00ed&nbsp;v&nbsp;oblasti&nbsp;demokratick\u00e9&nbsp;spr\u00e1vy,&nbsp;ekonomick\u00fdch&nbsp;dodavatelsk\u00fdch&nbsp;\u0159et\u011bzc\u016f,&nbsp;informa\u010dn\u00edch&nbsp;ekosyst\u00e9m\u016f&nbsp;i&nbsp;architekturymezin\u00e1rodn\u00ed&nbsp;spolupr\u00e1ce.&nbsp;Auto\u0159i&nbsp;p\u0159istupuj\u00ed&nbsp;k&nbsp;uveden\u00fdm&nbsp;v\u00fdzv\u00e1m&nbsp;z&nbsp;r\u016fzn\u00fdch&nbsp;disciplin\u00e1rn\u00edch&nbsp;a&nbsp;n\u00e1rodn\u00edch&nbsp;perspektiv,&nbsp;p\u0159esto&nbsp;se&nbsp;jejich&nbsp;anal\u00fdzami&nbsp;vine&nbsp;spole\u010dn\u00e1&nbsp;nit:&nbsp;p\u0159esv\u011bd\u010den\u00ed,&nbsp;\u017ee&nbsp;evropsk\u00e1&nbsp;odpov\u011b\u010f&nbsp;na&nbsp;tuto&nbsp;chv\u00edli&nbsp;bude&nbsp;utv\u00e1\u0159enanejen&nbsp;vojenskou&nbsp;kapacitou&nbsp;\u010di&nbsp;institucion\u00e1ln\u00edm&nbsp;uspo\u0159\u00e1d\u00e1n\u00edm, ale&nbsp;p\u0159edev\u0161\u00edm&nbsp;kvalitou&nbsp;demokratick\u00e9&nbsp;spr\u00e1vy&nbsp;a&nbsp;ob\u010dansk\u00e9&nbsp;odolnosti&nbsp;na&nbsp;ka\u017ed\u00e9&nbsp;\u00farovni&nbsp;politick\u00e9ho&nbsp;\u017eivota.&nbsp; Kniha&nbsp;je&nbsp;uspo\u0159\u00e1d\u00e1na&nbsp;kolem&nbsp;t\u0159\u00ed&nbsp;\u0161irok\u00fdch&nbsp;a&nbsp;vz\u00e1jemn\u011b&nbsp;se&nbsp;prol\u00ednaj\u00edc\u00edch&nbsp;okruh\u016f.&nbsp;Prvn\u00edm&nbsp;je&nbsp;v\u00fdzva&nbsp;zadr\u017eov\u00e1n\u00ed&nbsp;rusk\u00e9&nbsp;agrese&nbsp;prost\u0159ednictv\u00edm&nbsp;trval\u00e9&nbsp;mezin\u00e1rodn\u00ed&nbsp;spolupr\u00e1ce&nbsp;-&nbsp;vojensk\u00e9,&nbsp;ekonomick\u00e9,&nbsp;digit\u00e1ln\u00ed&nbsp;a&nbsp;diplomatick\u00e9.&nbsp;Druh\u00fdmje&nbsp;vnit\u0159n\u00ed&nbsp;rozm\u011br&nbsp;demokratick\u00e9&nbsp;odolnosti:&nbsp;schopnost&nbsp;evropsk\u00fdch&nbsp;st\u00e1t\u016f&nbsp;a&nbsp;spole\u010dnost\u00ed&nbsp;\u010delit&nbsp;hybridn\u00edm&nbsp;hrozb\u00e1m,&nbsp;informa\u010dn\u00ed&nbsp;manipulaci&nbsp;a&nbsp;erozi&nbsp;politick\u00fdch&nbsp;norem,&nbsp;a\u0165&nbsp;ji\u017e&nbsp;p\u0159ich\u00e1zej\u00ed&nbsp;zven\u010d\u00ed,&nbsp;nebo&nbsp;vyv\u011braj\u00ed&nbsp;zevnit\u0159.&nbsp;T\u0159et\u00edm&nbsp;okruhemje pak&nbsp;ot\u00e1zka&nbsp;obnovy&nbsp;a&nbsp;integrace&nbsp;\u2014 jak&nbsp;m\u016f\u017ee&nbsp;Ukrajina,&nbsp;jej\u00ed&nbsp;obce&nbsp;a&nbsp;jej\u00ed&nbsp;ob\u010dansk\u00e9&nbsp;instituce&nbsp;vyj\u00edt&nbsp;z&nbsp;v\u00e1lky&nbsp;v&nbsp;podob\u011b,&nbsp;kter\u00e1&nbsp;udr\u017e\u00ed&nbsp;demokratick\u00e9&nbsp;v\u00fddobytky&nbsp;postmajdansk\u00e9ho&nbsp;desetilet\u00ed&nbsp;a&nbsp;z\u00e1rove\u0148&nbsp;se&nbsp;vyrovn\u00e1&nbsp;se&nbsp;struktur\u00e1ln\u00edminerovnostmi,&nbsp;je\u017e&nbsp;konflikt&nbsp;z\u00e1rove\u0148&nbsp;odhalil&nbsp;i&nbsp;prohloubil.&nbsp; Kapitoly&nbsp;jako&nbsp;celek&nbsp;odol\u00e1vaj\u00ed&nbsp;snadn\u00e9mu&nbsp;optimismu. Dokumentuj\u00ed&nbsp;pozoruhodn\u00e9&nbsp;p\u0159\u00edklady&nbsp;odolnosti&nbsp;v&nbsp;ukrajinsk\u00fdch&nbsp;hromad\u00e1ch,...\t\t\t\t\t<\/div>\r\n\t\t\t\t\t<a class=\"pld-readmorebtn\" href=\"https:\/\/thinktopaz.cz\/en\/2026\/04\/28\/nova-publikace-topaz-silna-evropa-v-casech-krize\/\">Read More<\/a>\t\t\t\t\t\r\n\t\t\t\t<\/div>\r\n\t\t\t\t\t<\/div>\r\n\t<\/div>\r\n<\/div><div class=\"pld-post-list-inr\">\t\r\n\t<div class=\"pld-post-list-content pld-clearfix\">\r\n\t\t\t\t<div class=\"pld-left-columns pld-medium-6 pld-columns\">\r\n\t\t\t<div class=\"pld-post-image-bg\">\r\n\t\t\t\t<a href=\"https:\/\/thinktopaz.cz\/en\/2025\/11\/11\/pavel-havlicek-rusko-a-hybridni-utoky-co-nam-hrozi-a-jak-se-efektivneji-branit-policy-paper-3-2025\/\">\r\n\t\t\t\t\t<img decoding=\"async\" src=\"https:\/\/thinktopaz.cz\/wp-content\/uploads\/2025\/11\/DSC_0597-1-1440x810-c-300x169-1.jpg\" alt=\"Pavel Havl\u00ed\u010dek: Rusko a hybridn\u00ed \u00fatoky: Co n\u00e1m hroz\u00ed a jak se efektivn\u011bji br\u00e1nit? (Policy paper 3 \/ 2025)\" \/>\r\n\t\t\t\t<\/a>\r\n\t\t\t<\/div>\r\n\t\t<\/div>\r\n\t\t\t\t<div class=\"pld-right-columns pld-medium-6 pld-columns\">\r\n\t\t\t\t\t\t<h2 class=\"pld-post-title\">\t\t\r\n\t\t\t\t<a href=\"https:\/\/thinktopaz.cz\/en\/2025\/11\/11\/pavel-havlicek-rusko-a-hybridni-utoky-co-nam-hrozi-a-jak-se-efektivneji-branit-policy-paper-3-2025\/\">Pavel Havl\u00ed\u010dek: Russia and Hybrid Attacks: What Threats We Face and How to Defend More Effectively? (Policy Paper 3 \/ 2025)<\/a>\r\n\t\t\t<\/h2>\r\n\t\t\t\t\t\t\t<div class=\"pld-post-meta\">\r\n\t\t\t\t\t11. November 2025\t\t\t\t<\/div>\r\n\t\t\t\t\t\r\n\t\t\t\t<div class=\"pld-post-content\">\t\t\t\t\r\n\t\t\t\t\t<div class=\"pld-post-content-inner\">\r\n\t\t\t\t\t\tIntroduction\nIn the context of the full-scale Russian invasion of Ukraine and the increasing number of hybrid attacks and influence activities carried out by the Russian Federation\u2026\t\t\t\t\t<\/div>\r\n\t\t\t\t\t<a class=\"pld-readmorebtn\" href=\"https:\/\/thinktopaz.cz\/en\/2025\/11\/11\/pavel-havlicek-rusko-a-hybridni-utoky-co-nam-hrozi-a-jak-se-efektivneji-branit-policy-paper-3-2025\/\">Read More<\/a>\t\t\t\t\t\r\n\t\t\t\t<\/div>\r\n\t\t\t\t\t<\/div>\r\n\t<\/div>\r\n<\/div><div class=\"pld-post-list-inr\">\t\r\n\t<div class=\"pld-post-list-content pld-clearfix\">\r\n\t\t\t\t<div class=\"pld-left-columns pld-medium-6 pld-columns\">\r\n\t\t\t<div class=\"pld-post-image-bg\">\r\n\t\t\t\t<a href=\"https:\/\/thinktopaz.cz\/en\/2025\/11\/11\/lucie-tungul-dansky-model-migracni-a-integracni-politiky-policy-paper-2-2025\/\">\r\n\t\t\t\t\t<img decoding=\"async\" src=\"https:\/\/thinktopaz.cz\/wp-content\/uploads\/2025\/11\/Obrazek-WhatsApp-2025-08-27-v-09.13.16_5d75237f-1021x580-1-768x436.jpg\" alt=\"Lucie Tungul: D\u00e1nsk\u00fd model migra\u010dn\u00ed a integra\u010dn\u00ed politiky (Policy paper 2 \/ 2025)\" \/>\r\n\t\t\t\t<\/a>\r\n\t\t\t<\/div>\r\n\t\t<\/div>\r\n\t\t\t\t<div class=\"pld-right-columns pld-medium-6 pld-columns\">\r\n\t\t\t\t\t\t<h2 class=\"pld-post-title\">\t\t\r\n\t\t\t\t<a href=\"https:\/\/thinktopaz.cz\/en\/2025\/11\/11\/lucie-tungul-dansky-model-migracni-a-integracni-politiky-policy-paper-2-2025\/\">Lucie Tungul: D\u00e1nsk\u00fd model migra\u010dn\u00ed a integra\u010dn\u00ed politiky (Policy paper 2 \/ 2025)<\/a>\r\n\t\t\t<\/h2>\r\n\t\t\t\t\t\t\t<div class=\"pld-post-meta\">\r\n\t\t\t\t\t11. November 2025\t\t\t\t<\/div>\r\n\t\t\t\t\t\r\n\t\t\t\t<div class=\"pld-post-content\">\t\t\t\t\r\n\t\t\t\t\t<div class=\"pld-post-content-inner\">\r\n\t\t\t\t\t\t\u00davod D\u00e1nsk\u00e1 migra\u010dn\u00ed a integra\u010dn\u00ed politika je jednou z nejkomplexn\u011bj\u0161\u00edch a nejdiskutovan\u011bj\u0161\u00edch v Evrop\u011b. Vych\u00e1z\u00ed z principu, \u017ee pr\u00e1va migrant\u016f...\t\t\t\t\t<\/div>\r\n\t\t\t\t\t<a class=\"pld-readmorebtn\" href=\"https:\/\/thinktopaz.cz\/en\/2025\/11\/11\/lucie-tungul-dansky-model-migracni-a-integracni-politiky-policy-paper-2-2025\/\">Read More<\/a>\t\t\t\t\t\r\n\t\t\t\t<\/div>\r\n\t\t\t\t\t<\/div>\r\n\t<\/div>\r\n<\/div><div class=\"pld-post-list-inr\">\t\r\n\t<div class=\"pld-post-list-content pld-clearfix\">\r\n\t\t\t\t<div class=\"pld-left-columns pld-medium-6 pld-columns\">\r\n\t\t\t<div class=\"pld-post-image-bg\">\r\n\t\t\t\t<a href=\"https:\/\/thinktopaz.cz\/en\/2025\/11\/11\/daibor-rohac-spojene-staty-v-novej-trumpovej-ere-policy-paper-1-2025\/\">\r\n\t\t\t\t\t<img decoding=\"async\" src=\"https:\/\/thinktopaz.cz\/wp-content\/uploads\/2025\/08\/images-1-1.jpg\" alt=\"Dalibor Roh\u00e1\u010d: Spojen\u00e9 \u0161t\u00e1ty v novej\/Trumpovej \u00e9re (Policy paper 1 \/ 2025)\" \/>\r\n\t\t\t\t<\/a>\r\n\t\t\t<\/div>\r\n\t\t<\/div>\r\n\t\t\t\t<div class=\"pld-right-columns pld-medium-6 pld-columns\">\r\n\t\t\t\t\t\t<h2 class=\"pld-post-title\">\t\t\r\n\t\t\t\t<a href=\"https:\/\/thinktopaz.cz\/en\/2025\/11\/11\/daibor-rohac-spojene-staty-v-novej-trumpovej-ere-policy-paper-1-2025\/\">Dalibor Roh\u00e1\u010d: Spojen\u00e9 \u0161t\u00e1ty v novej\/Trumpovej \u00e9re (Policy paper 1 \/ 2025)<\/a>\r\n\t\t\t<\/h2>\r\n\t\t\t\t\t\t\t<div class=\"pld-post-meta\">\r\n\t\t\t\t\t11. November 2025\t\t\t\t<\/div>\r\n\t\t\t\t\t\r\n\t\t\t\t<div class=\"pld-post-content\">\t\t\t\t\r\n\t\t\t\t\t<div class=\"pld-post-content-inner\">\r\n\t\t\t\t\t\t\u00davod N\u00e1vrat prezidenta Trumpa do funkcie a jeho prv\u00e9 kroky predstavuj\u00fa radik\u00e1lny rozchod s americk\u00fdmi dom\u00e1cimi a zahrani\u010dnopolitick\u00fdmi trad\u00edciami. Po\u010das...\t\t\t\t\t<\/div>\r\n\t\t\t\t\t<a class=\"pld-readmorebtn\" href=\"https:\/\/thinktopaz.cz\/en\/2025\/11\/11\/daibor-rohac-spojene-staty-v-novej-trumpovej-ere-policy-paper-1-2025\/\">Read More<\/a>\t\t\t\t\t\r\n\t\t\t\t<\/div>\r\n\t\t\t\t\t<\/div>\r\n\t<\/div>\r\n<\/div><div class=\"pld-post-list-inr\">\t\r\n\t<div class=\"pld-post-list-content pld-clearfix\">\r\n\t\t\t\t<div class=\"pld-left-columns pld-medium-6 pld-columns\">\r\n\t\t\t<div class=\"pld-post-image-bg\">\r\n\t\t\t\t<a href=\"https:\/\/thinktopaz.cz\/en\/2025\/07\/27\/walshe-vzdyt-je-to-tak-proste-jde-o-svobodu-konat-aneb-jak-prelstit-populisty\/\">\r\n\t\t\t\t\t<img decoding=\"async\" src=\"https:\/\/thinktopaz.cz\/wp-content\/uploads\/2025\/08\/flipped-e1753775259724-1021x580-1-768x436.jpg\" alt=\"Walshe: V\u017edy\u0165 je to tak prost\u00e9, jde o svobodu konat. Aneb jak p\u0159elst\u00edt populisty.\" \/>\r\n\t\t\t\t<\/a>\r\n\t\t\t<\/div>\r\n\t\t<\/div>\r\n\t\t\t\t<div class=\"pld-right-columns pld-medium-6 pld-columns\">\r\n\t\t\t\t\t\t<h2 class=\"pld-post-title\">\t\t\r\n\t\t\t\t<a href=\"https:\/\/thinktopaz.cz\/en\/2025\/07\/27\/walshe-vzdyt-je-to-tak-proste-jde-o-svobodu-konat-aneb-jak-prelstit-populisty\/\">Walshe: V\u017edy\u0165 je to tak prost\u00e9, jde o svobodu konat. Aneb jak p\u0159elst\u00edt populisty.<\/a>\r\n\t\t\t<\/h2>\r\n\t\t\t\t\t\t\t<div class=\"pld-post-meta\">\r\n\t\t\t\t\t27. July 2025\t\t\t\t<\/div>\r\n\t\t\t\t\t\r\n\t\t\t\t<div class=\"pld-post-content\">\t\t\t\t\r\n\t\t\t\t\t<div class=\"pld-post-content-inner\">\r\n\t\t\t\t\t\tN\u00e1sleduj\u00edc\u00ed text napsal Garvan Walshe\u00a0pro na\u0161i publikaci\u00a0Jak ubr\u00e1nit demokracii v dob\u011b digitalizace &nbsp;Shrnut\u00ed:&nbsp;B\u011b\u017enou reakc\u00ed na \u00fasp\u011bch populist\u016f byla v posledn\u00edch...\t\t\t\t\t<\/div>\r\n\t\t\t\t\t<a class=\"pld-readmorebtn\" href=\"https:\/\/thinktopaz.cz\/en\/2025\/07\/27\/walshe-vzdyt-je-to-tak-proste-jde-o-svobodu-konat-aneb-jak-prelstit-populisty\/\">Read More<\/a>\t\t\t\t\t\r\n\t\t\t\t<\/div>\r\n\t\t\t\t\t<\/div>\r\n\t<\/div>\r\n<\/div><div class=\"pld-post-list-inr\">\t\r\n\t<div class=\"pld-post-list-content pld-clearfix no-thumb-image\">\r\n\t\t\t\t<div class=\"pld-full-columns pld-medium-12 pld-columns\">\r\n\t\t\t\t\t\t<h2 class=\"pld-post-title\">\t\t\r\n\t\t\t\t<a href=\"https:\/\/thinktopaz.cz\/en\/2025\/07\/25\/herndon-biotechnologie-boj-o-dna-a-svetovou-dominanci\/\">Herndon: Biotechnologie: boj o DNA a sv\u011btovou dominanci<\/a>\r\n\t\t\t<\/h2>\r\n\t\t\t\t\t\t\t<div class=\"pld-post-meta\">\r\n\t\t\t\t\t25. July 2025\t\t\t\t<\/div>\r\n\t\t\t\t\t\r\n\t\t\t\t<div class=\"pld-post-content\">\t\t\t\t\r\n\t\t\t\t\t<div class=\"pld-post-content-inner\">\r\n\t\t\t\t\t\tN\u00e1sleduj\u00edc\u00ed text napsal Jack Herndon\u00a0pro na\u0161i publikaci\u00a0Jak ubr\u00e1nit demokracii v dob\u011b digitalizace &nbsp;Shrnut\u00ed:&nbsp;Biotechnologie p\u0159edstavuj\u00ed novou oblast technologick\u00e9ho soupe\u0159en\u00ed. Maj\u00ed \u0161irok\u00e9...\t\t\t\t\t<\/div>\r\n\t\t\t\t\t<a class=\"pld-readmorebtn\" href=\"https:\/\/thinktopaz.cz\/en\/2025\/07\/25\/herndon-biotechnologie-boj-o-dna-a-svetovou-dominanci\/\">Read More<\/a>\t\t\t\t\t\r\n\t\t\t\t<\/div>\r\n\t\t\t\t\t<\/div>\r\n\t<\/div>\r\n<\/div><div class=\"pld-post-list-inr\">\t\r\n\t<div class=\"pld-post-list-content pld-clearfix\">\r\n\t\t\t\t<div class=\"pld-left-columns pld-medium-6 pld-columns\">\r\n\t\t\t<div class=\"pld-post-image-bg\">\r\n\t\t\t\t<a href=\"https:\/\/thinktopaz.cz\/en\/2025\/07\/24\/schaffer-a-talik-digitalni-kolbiste-jak-ruske-dezinformace-ovlivnuji-chovani-volicu-ve-stredni-a-vychodni-evrope\/\">\r\n\t\t\t\t\t<img decoding=\"async\" src=\"https:\/\/thinktopaz.cz\/wp-content\/uploads\/2025\/08\/Navrh-bez-nazvu-43-768x432.png\" alt=\"Sch\u00e4ffer a Talik: Digit\u00e1ln\u00ed kolbi\u0161t\u011b: Jak rusk\u00e9 dezinformace ovliv\u0148uj\u00ed chov\u00e1n\u00ed voli\u010d\u016f ve st\u0159edn\u00ed a v\u00fdchodn\u00ed Evrop\u011b?\" \/>\r\n\t\t\t\t<\/a>\r\n\t\t\t<\/div>\r\n\t\t<\/div>\r\n\t\t\t\t<div class=\"pld-right-columns pld-medium-6 pld-columns\">\r\n\t\t\t\t\t\t<h2 class=\"pld-post-title\">\t\t\r\n\t\t\t\t<a href=\"https:\/\/thinktopaz.cz\/en\/2025\/07\/24\/schaffer-a-talik-digitalni-kolbiste-jak-ruske-dezinformace-ovlivnuji-chovani-volicu-ve-stredni-a-vychodni-evrope\/\">Sch\u00e4ffer a Talik: Digit\u00e1ln\u00ed kolbi\u0161t\u011b: Jak rusk\u00e9 dezinformace ovliv\u0148uj\u00ed chov\u00e1n\u00ed voli\u010d\u016f ve st\u0159edn\u00ed a v\u00fdchodn\u00ed Evrop\u011b?<\/a>\r\n\t\t\t<\/h2>\r\n\t\t\t\t\t\t\t<div class=\"pld-post-meta\">\r\n\t\t\t\t\t24. July 2025\t\t\t\t<\/div>\r\n\t\t\t\t\t\r\n\t\t\t\t<div class=\"pld-post-content\">\t\t\t\t\r\n\t\t\t\t\t<div class=\"pld-post-content-inner\">\r\n\t\t\t\t\t\tN\u00e1sleduj\u00edc\u00ed text napsali\u00a0Sebastian Sch\u00e4ffer a Malwina Talik\u00a0pro na\u0161i publikaci\u00a0Jak ubr\u00e1nit demokracii v dob\u011b digitalizace &nbsp;Shrnut\u00ed:&nbsp;Rusk\u00e9 dezinformace p\u0159edstavuj\u00ed z\u00e1va\u017enou hrozbu, jej\u00edm\u017e...\t\t\t\t\t<\/div>\r\n\t\t\t\t\t<a class=\"pld-readmorebtn\" href=\"https:\/\/thinktopaz.cz\/en\/2025\/07\/24\/schaffer-a-talik-digitalni-kolbiste-jak-ruske-dezinformace-ovlivnuji-chovani-volicu-ve-stredni-a-vychodni-evrope\/\">Read More<\/a>\t\t\t\t\t\r\n\t\t\t\t<\/div>\r\n\t\t\t\t\t<\/div>\r\n\t<\/div>\r\n<\/div><div class=\"pld-post-list-inr\">\t\r\n\t<div class=\"pld-post-list-content pld-clearfix\">\r\n\t\t\t\t<div class=\"pld-left-columns pld-medium-6 pld-columns\">\r\n\t\t\t<div class=\"pld-post-image-bg\">\r\n\t\t\t\t<a href=\"https:\/\/thinktopaz.cz\/en\/2025\/07\/09\/rod-od-slibu-k-rizikum-jak-se-cina-vmesuje-do-deni-v-zemich-visegradske-skupiny\/\">\r\n\t\t\t\t\t<img decoding=\"async\" src=\"https:\/\/thinktopaz.cz\/wp-content\/uploads\/2025\/08\/Snimek-obrazovky-2025-06-25-152856-1.png\" alt=\"Rod: Od slib\u016f k rizik\u016fm: Jak se \u010c\u00edna vm\u011b\u0161uje do d\u011bn\u00ed v zem\u00edch Visegr\u00e1dsk\u00e9 skupiny\" \/>\r\n\t\t\t\t<\/a>\r\n\t\t\t<\/div>\r\n\t\t<\/div>\r\n\t\t\t\t<div class=\"pld-right-columns pld-medium-6 pld-columns\">\r\n\t\t\t\t\t\t<h2 class=\"pld-post-title\">\t\t\r\n\t\t\t\t<a href=\"https:\/\/thinktopaz.cz\/en\/2025\/07\/09\/rod-od-slibu-k-rizikum-jak-se-cina-vmesuje-do-deni-v-zemich-visegradske-skupiny\/\">Rod: Od slib\u016f k rizik\u016fm: Jak se \u010c\u00edna vm\u011b\u0161uje do d\u011bn\u00ed v zem\u00edch Visegr\u00e1dsk\u00e9 skupiny<\/a>\r\n\t\t\t<\/h2>\r\n\t\t\t\t\t\t\t<div class=\"pld-post-meta\">\r\n\t\t\t\t\t9. July 2025\t\t\t\t<\/div>\r\n\t\t\t\t\t\r\n\t\t\t\t<div class=\"pld-post-content\">\t\t\t\t\r\n\t\t\t\t\t<div class=\"pld-post-content-inner\">\r\n\t\t\t\t\t\tN\u00e1sleduj\u00edc\u00ed text napsal Zden\u011bk Rod pro na\u0161i publikaci\u00a0Jak ubr\u00e1nit demokracii v dob\u011b digitalizace Shrnut\u00ed:&nbsp;Tato kapitola se v\u011bnuje r\u016fzn\u00fdm aspekt\u016fm vn\u011bj\u0161\u00edho...\t\t\t\t\t<\/div>\r\n\t\t\t\t\t<a class=\"pld-readmorebtn\" href=\"https:\/\/thinktopaz.cz\/en\/2025\/07\/09\/rod-od-slibu-k-rizikum-jak-se-cina-vmesuje-do-deni-v-zemich-visegradske-skupiny\/\">Read More<\/a>\t\t\t\t\t\r\n\t\t\t\t<\/div>\r\n\t\t\t\t\t<\/div>\r\n\t<\/div>\r\n<\/div><div class=\"pld-post-list-inr\">\t\r\n\t<div class=\"pld-post-list-content pld-clearfix\">\r\n\t\t\t\t<div class=\"pld-left-columns pld-medium-6 pld-columns\">\r\n\t\t\t<div class=\"pld-post-image-bg\">\r\n\t\t\t\t<a href=\"https:\/\/thinktopaz.cz\/en\/2025\/07\/06\/rohac-socialni-media-a-budoucnost-evropske-demokracie\/\">\r\n\t\t\t\t\t<img decoding=\"async\" src=\"https:\/\/thinktopaz.cz\/wp-content\/uploads\/2025\/08\/images-1-1.jpg\" alt=\"Roh\u00e1\u010d: Soci\u00e1ln\u00ed m\u00e9dia a budoucnost evropsk\u00e9 demokracie\" \/>\r\n\t\t\t\t<\/a>\r\n\t\t\t<\/div>\r\n\t\t<\/div>\r\n\t\t\t\t<div class=\"pld-right-columns pld-medium-6 pld-columns\">\r\n\t\t\t\t\t\t<h2 class=\"pld-post-title\">\t\t\r\n\t\t\t\t<a href=\"https:\/\/thinktopaz.cz\/en\/2025\/07\/06\/rohac-socialni-media-a-budoucnost-evropske-demokracie\/\">Roh\u00e1\u010d: Soci\u00e1ln\u00ed m\u00e9dia a budoucnost evropsk\u00e9 demokracie<\/a>\r\n\t\t\t<\/h2>\r\n\t\t\t\t\t\t\t<div class=\"pld-post-meta\">\r\n\t\t\t\t\t6. July 2025\t\t\t\t<\/div>\r\n\t\t\t\t\t\r\n\t\t\t\t<div class=\"pld-post-content\">\t\t\t\t\r\n\t\t\t\t\t<div class=\"pld-post-content-inner\">\r\n\t\t\t\t\t\tN\u00e1sleduj\u00edc\u00ed text napsal\u00a0Dalibor Roh\u00e1\u010d\u00a0pro na\u0161i publikaci\u00a0Jak ubr\u00e1nit demokracii v dob\u011b digitalizace Shrnut\u00ed: Tato kapitola se zab\u00fdv\u00e1 v\u00fdzvami, kter\u00fdm \u010del\u00ed evropsk\u00e9...\t\t\t\t\t<\/div>\r\n\t\t\t\t\t<a class=\"pld-readmorebtn\" href=\"https:\/\/thinktopaz.cz\/en\/2025\/07\/06\/rohac-socialni-media-a-budoucnost-evropske-demokracie\/\">Read More<\/a>\t\t\t\t\t\r\n\t\t\t\t<\/div>\r\n\t\t\t\t\t<\/div>\r\n\t<\/div>\r\n<\/div><div class=\"pld-post-list-inr\">\t\r\n\t<div class=\"pld-post-list-content pld-clearfix\">\r\n\t\t\t\t<div class=\"pld-left-columns pld-medium-6 pld-columns\">\r\n\t\t\t<div class=\"pld-post-image-bg\">\r\n\t\t\t\t<a href=\"https:\/\/thinktopaz.cz\/en\/2025\/07\/05\/hefele-generace-extremistu-hodnoty-a-politicke-postoje-mladych-lidi-v-evrope\/\">\r\n\t\t\t\t\t<img decoding=\"async\" src=\"https:\/\/thinktopaz.cz\/wp-content\/uploads\/2025\/08\/Snimek-obrazovky-2024-07-24-093339-2-768x424.png\" alt=\"Hefele: Generace extremist\u016f? Hodnoty a politick\u00e9 postoje mlad\u00fdch lid\u00ed v Evrop\u011b\" \/>\r\n\t\t\t\t<\/a>\r\n\t\t\t<\/div>\r\n\t\t<\/div>\r\n\t\t\t\t<div class=\"pld-right-columns pld-medium-6 pld-columns\">\r\n\t\t\t\t\t\t<h2 class=\"pld-post-title\">\t\t\r\n\t\t\t\t<a href=\"https:\/\/thinktopaz.cz\/en\/2025\/07\/05\/hefele-generace-extremistu-hodnoty-a-politicke-postoje-mladych-lidi-v-evrope\/\">Hefele: Generace extremist\u016f? Hodnoty a politick\u00e9 postoje mlad\u00fdch lid\u00ed v Evrop\u011b<\/a>\r\n\t\t\t<\/h2>\r\n\t\t\t\t\t\t\t<div class=\"pld-post-meta\">\r\n\t\t\t\t\t5. July 2025\t\t\t\t<\/div>\r\n\t\t\t\t\t\r\n\t\t\t\t<div class=\"pld-post-content\">\t\t\t\t\r\n\t\t\t\t\t<div class=\"pld-post-content-inner\">\r\n\t\t\t\t\t\t5. 7. 2025 N\u00e1sleduj\u00edc\u00ed text napsal politick\u00fd \u0159editel Wilfried Martens Centre for European Studies Peter Hefele pro na\u0161i publikaci\u00a0Jak ubr\u00e1nit...\t\t\t\t\t<\/div>\r\n\t\t\t\t\t<a class=\"pld-readmorebtn\" href=\"https:\/\/thinktopaz.cz\/en\/2025\/07\/05\/hefele-generace-extremistu-hodnoty-a-politicke-postoje-mladych-lidi-v-evrope\/\">Read More<\/a>\t\t\t\t\t\r\n\t\t\t\t<\/div>\r\n\t\t\t\t\t<\/div>\r\n\t<\/div>\r\n<\/div><div class=\"pld-post-list-inr\">\t\r\n\t<div class=\"pld-post-list-content pld-clearfix\">\r\n\t\t\t\t<div class=\"pld-left-columns pld-medium-6 pld-columns\">\r\n\t\t\t<div class=\"pld-post-image-bg\">\r\n\t\t\t\t<a href=\"https:\/\/thinktopaz.cz\/en\/2025\/07\/02\/mansour-nenavist-sebeucta-a-extremismus-psychologicke-zaklady-radikalizace\/\">\r\n\t\t\t\t\t<img decoding=\"async\" src=\"https:\/\/thinktopaz.cz\/wp-content\/uploads\/2025\/08\/image-e1753196746367-997x580-1-768x447.jpeg\" alt=\"Mansour: Nen\u00e1vist, sebe\u00facta a extremismus: psychologick\u00e9 z\u00e1klady radikalizace\" \/>\r\n\t\t\t\t<\/a>\r\n\t\t\t<\/div>\r\n\t\t<\/div>\r\n\t\t\t\t<div class=\"pld-right-columns pld-medium-6 pld-columns\">\r\n\t\t\t\t\t\t<h2 class=\"pld-post-title\">\t\t\r\n\t\t\t\t<a href=\"https:\/\/thinktopaz.cz\/en\/2025\/07\/02\/mansour-nenavist-sebeucta-a-extremismus-psychologicke-zaklady-radikalizace\/\">Mansour: Nen\u00e1vist, sebe\u00facta a extremismus: psychologick\u00e9 z\u00e1klady radikalizace<\/a>\r\n\t\t\t<\/h2>\r\n\t\t\t\t\t\t\t<div class=\"pld-post-meta\">\r\n\t\t\t\t\t2. July 2025\t\t\t\t<\/div>\r\n\t\t\t\t\t\r\n\t\t\t\t<div class=\"pld-post-content\">\t\t\t\t\r\n\t\t\t\t\t<div class=\"pld-post-content-inner\">\r\n\t\t\t\t\t\t1. 7. 2025 N\u00e1sleduj\u00edc\u00ed text napsal&nbsp;Ahmad Mansour&nbsp;pro na\u0161i publikaci&nbsp;Jak ubr\u00e1nit demokracii v dob\u011b digitalizace Shrnut\u00ed: Extremismus a radikalizace se rod\u00ed...\t\t\t\t\t<\/div>\r\n\t\t\t\t\t<a class=\"pld-readmorebtn\" href=\"https:\/\/thinktopaz.cz\/en\/2025\/07\/02\/mansour-nenavist-sebeucta-a-extremismus-psychologicke-zaklady-radikalizace\/\">Read More<\/a>\t\t\t\t\t\r\n\t\t\t\t<\/div>\r\n\t\t\t\t\t<\/div>\r\n\t<\/div>\r\n<\/div><div class=\"pld-post-list-inr\">\t\r\n\t<div class=\"pld-post-list-content pld-clearfix\">\r\n\t\t\t\t<div class=\"pld-left-columns pld-medium-6 pld-columns\">\r\n\t\t\t<div class=\"pld-post-image-bg\">\r\n\t\t\t\t<a href=\"https:\/\/thinktopaz.cz\/en\/2025\/07\/01\/cabada-neduvera-v-politicke-instituce-a-dlouhodobe-polarizacni-trendy-v-evropskem-prostredi\/\">\r\n\t\t\t\t\t<img decoding=\"async\" src=\"https:\/\/thinktopaz.cz\/wp-content\/uploads\/2025\/08\/httpstop-az.euwp-contentuploads20240620-Years_in-EU_Malta_Cabada.pdf-1021x580-2-768x436.png\" alt=\"Cabada: \u00a0(Ne)d\u016fv\u011bra v politick\u00e9 instituce a dlouhodob\u00e9 polariza\u010dn\u00ed trendy v evropsk\u00e9m prost\u0159ed\u00ed\" \/>\r\n\t\t\t\t<\/a>\r\n\t\t\t<\/div>\r\n\t\t<\/div>\r\n\t\t\t\t<div class=\"pld-right-columns pld-medium-6 pld-columns\">\r\n\t\t\t\t\t\t<h2 class=\"pld-post-title\">\t\t\r\n\t\t\t\t<a href=\"https:\/\/thinktopaz.cz\/en\/2025\/07\/01\/cabada-neduvera-v-politicke-instituce-a-dlouhodobe-polarizacni-trendy-v-evropskem-prostredi\/\">Cabada: \u00a0(Ne)d\u016fv\u011bra v politick\u00e9 instituce a dlouhodob\u00e9 polariza\u010dn\u00ed trendy v evropsk\u00e9m prost\u0159ed\u00ed<\/a>\r\n\t\t\t<\/h2>\r\n\t\t\t\t\t\t\t<div class=\"pld-post-meta\">\r\n\t\t\t\t\t1. July 2025\t\t\t\t<\/div>\r\n\t\t\t\t\t\r\n\t\t\t\t<div class=\"pld-post-content\">\t\t\t\t\r\n\t\t\t\t\t<div class=\"pld-post-content-inner\">\r\n\t\t\t\t\t\tN\u00e1sleduj\u00edc\u00ed text napsal profesor&nbsp;Ladislav Cabada&nbsp;pro na\u0161i publikaci pro na\u0161i publikaci&nbsp;Jak ubr\u00e1nit demokracii v dob\u011b digitalizace &nbsp;(Ne)d\u016fv\u011bra v politick\u00e9 instituce a...\t\t\t\t\t<\/div>\r\n\t\t\t\t\t<a class=\"pld-readmorebtn\" href=\"https:\/\/thinktopaz.cz\/en\/2025\/07\/01\/cabada-neduvera-v-politicke-instituce-a-dlouhodobe-polarizacni-trendy-v-evropskem-prostredi\/\">Read More<\/a>\t\t\t\t\t\r\n\t\t\t\t<\/div>\r\n\t\t\t\t\t<\/div>\r\n\t<\/div>\r\n<\/div><div class=\"pld-post-list-inr\">\t\r\n\t<div class=\"pld-post-list-content pld-clearfix\">\r\n\t\t\t\t<div class=\"pld-left-columns pld-medium-6 pld-columns\">\r\n\t\t\t<div class=\"pld-post-image-bg\">\r\n\t\t\t\t<a href=\"https:\/\/thinktopaz.cz\/en\/2025\/05\/27\/rozdeleni-sitemi-co-zaznelo-na-debate-o-demokracii-v-ere-algoritmu\/\">\r\n\t\t\t\t\t<img decoding=\"async\" src=\"https:\/\/thinktopaz.cz\/wp-content\/uploads\/2025\/08\/P_K04698-1021x580-1-768x436.jpg\" alt=\"Rozd\u011bleni s\u00edt\u011bmi: Co zazn\u011blo na debat\u011b o demokracii v \u00e9\u0159e algoritm\u016f\" \/>\r\n\t\t\t\t<\/a>\r\n\t\t\t<\/div>\r\n\t\t<\/div>\r\n\t\t\t\t<div class=\"pld-right-columns pld-medium-6 pld-columns\">\r\n\t\t\t\t\t\t<h2 class=\"pld-post-title\">\t\t\r\n\t\t\t\t<a href=\"https:\/\/thinktopaz.cz\/en\/2025\/05\/27\/rozdeleni-sitemi-co-zaznelo-na-debate-o-demokracii-v-ere-algoritmu\/\">Rozd\u011bleni s\u00edt\u011bmi: Co zazn\u011blo na debat\u011b o demokracii v \u00e9\u0159e algoritm\u016f<\/a>\r\n\t\t\t<\/h2>\r\n\t\t\t\t\t\t\t<div class=\"pld-post-meta\">\r\n\t\t\t\t\t27. May 2025\t\t\t\t<\/div>\r\n\t\t\t\t\t\r\n\t\t\t\t<div class=\"pld-post-content\">\t\t\t\t\r\n\t\t\t\t\t<div class=\"pld-post-content-inner\">\r\n\t\t\t\t\t\tV sobotu 17. kv\u011btna 2025 prob\u011bhla na pra\u017esk\u00e9m kni\u017en\u00edm veletrhu Sv\u011bt knihy ve\u0159ejn\u00e1 debata s n\u00e1zvem&nbsp;Rozd\u011bleni s\u00edt\u011bmi: Jak na extremismus...\t\t\t\t\t<\/div>\r\n\t\t\t\t\t<a class=\"pld-readmorebtn\" href=\"https:\/\/thinktopaz.cz\/en\/2025\/05\/27\/rozdeleni-sitemi-co-zaznelo-na-debate-o-demokracii-v-ere-algoritmu\/\">Read More<\/a>\t\t\t\t\t\r\n\t\t\t\t<\/div>\r\n\t\t\t\t\t<\/div>\r\n\t<\/div>\r\n<\/div><div class=\"pld-post-list-inr\">\t\r\n\t<div class=\"pld-post-list-content pld-clearfix\">\r\n\t\t\t\t<div class=\"pld-left-columns pld-medium-6 pld-columns\">\r\n\t\t\t<div class=\"pld-post-image-bg\">\r\n\t\t\t\t<a href=\"https:\/\/thinktopaz.cz\/en\/2025\/05\/05\/nase-nova-publikace-jak-ubranit-demokracii-v-dobe-digitalizace\/\">\r\n\t\t\t\t\t<img decoding=\"async\" src=\"https:\/\/thinktopaz.cz\/wp-content\/uploads\/2025\/08\/Kartony-Svet-knihy-1021x580-1-768x436.png\" alt=\"Na\u0161e nov\u00e1 publikace: Jak ubr\u00e1nit demokracii v dob\u011b digitalizace\" \/>\r\n\t\t\t\t<\/a>\r\n\t\t\t<\/div>\r\n\t\t<\/div>\r\n\t\t\t\t<div class=\"pld-right-columns pld-medium-6 pld-columns\">\r\n\t\t\t\t\t\t<h2 class=\"pld-post-title\">\t\t\r\n\t\t\t\t<a href=\"https:\/\/thinktopaz.cz\/en\/2025\/05\/05\/nase-nova-publikace-jak-ubranit-demokracii-v-dobe-digitalizace\/\">Na\u0161e nov\u00e1 publikace: Jak ubr\u00e1nit demokracii v dob\u011b digitalizace<\/a>\r\n\t\t\t<\/h2>\r\n\t\t\t\t\t\t\t<div class=\"pld-post-meta\">\r\n\t\t\t\t\t5. May 2025\t\t\t\t<\/div>\r\n\t\t\t\t\t\r\n\t\t\t\t<div class=\"pld-post-content\">\t\t\t\t\r\n\t\t\t\t\t<div class=\"pld-post-content-inner\">\r\n\t\t\t\t\t\tTOPAZ ve spolupr\u00e1ci s Wilfried Martens Centre for European Studies a rakousk\u00fdm think-tankem Campus Tivoli p\u0159ipravil novou publikaci s n\u00e1zvem&nbsp;Jak...\t\t\t\t\t<\/div>\r\n\t\t\t\t\t<a class=\"pld-readmorebtn\" href=\"https:\/\/thinktopaz.cz\/en\/2025\/05\/05\/nase-nova-publikace-jak-ubranit-demokracii-v-dobe-digitalizace\/\">Read More<\/a>\t\t\t\t\t\r\n\t\t\t\t<\/div>\r\n\t\t\t\t\t<\/div>\r\n\t<\/div>\r\n<\/div><div class=\"pld-post-list-inr\">\t\r\n\t<div class=\"pld-post-list-content pld-clearfix\">\r\n\t\t\t\t<div class=\"pld-left-columns pld-medium-6 pld-columns\">\r\n\t\t\t<div class=\"pld-post-image-bg\">\r\n\t\t\t\t<a href=\"https:\/\/thinktopaz.cz\/en\/2024\/11\/17\/odolna-stredni-evropa-cesta-k-bezpecne-budoucnosti\/\">\r\n\t\t\t\t\t<img decoding=\"async\" src=\"https:\/\/thinktopaz.cz\/wp-content\/uploads\/2024\/09\/topaz-2024-titulka-1-595x580-1.jpg\" alt=\"Odoln\u00e1 st\u0159edn\u00ed Evropa: Cesta k bezpe\u010dn\u00e9 budoucnosti\" \/>\r\n\t\t\t\t<\/a>\r\n\t\t\t<\/div>\r\n\t\t<\/div>\r\n\t\t\t\t<div class=\"pld-right-columns pld-medium-6 pld-columns\">\r\n\t\t\t\t\t\t<h2 class=\"pld-post-title\">\t\t\r\n\t\t\t\t<a href=\"https:\/\/thinktopaz.cz\/en\/2024\/11\/17\/odolna-stredni-evropa-cesta-k-bezpecne-budoucnosti\/\">Odoln\u00e1 st\u0159edn\u00ed Evropa: Cesta k bezpe\u010dn\u00e9 budoucnosti<\/a>\r\n\t\t\t<\/h2>\r\n\t\t\t\t\t\t\t<div class=\"pld-post-meta\">\r\n\t\t\t\t\t17. November 2024\t\t\t\t<\/div>\r\n\t\t\t\t\t\r\n\t\t\t\t<div class=\"pld-post-content\">\t\t\t\t\r\n\t\t\t\t\t<div class=\"pld-post-content-inner\">\r\n\t\t\t\t\t\tV roce 2024 oslavila \u010cesk\u00e1 Republika p\u011btadvac\u00e1t\u00e9 v\u00fdro\u010d\u00ed vstupu do Organizace Severoatlantick\u00e9 smlouvy (NATO) a dv\u011b desetilet\u00ed aktivn\u00edho \u010dlenstv\u00ed v...\t\t\t\t\t<\/div>\r\n\t\t\t\t\t<a class=\"pld-readmorebtn\" href=\"https:\/\/thinktopaz.cz\/en\/2024\/11\/17\/odolna-stredni-evropa-cesta-k-bezpecne-budoucnosti\/\">Read More<\/a>\t\t\t\t\t\r\n\t\t\t\t<\/div>\r\n\t\t\t\t\t<\/div>\r\n\t<\/div>\r\n<\/div><div class=\"pld-post-list-inr\">\t\r\n\t<div class=\"pld-post-list-content pld-clearfix\">\r\n\t\t\t\t<div class=\"pld-left-columns pld-medium-6 pld-columns\">\r\n\t\t\t<div class=\"pld-post-image-bg\">\r\n\t\t\t\t<a href=\"https:\/\/thinktopaz.cz\/en\/2024\/08\/16\/sprincova-zeny-v-ceske-politice\/\">\r\n\t\t\t\t\t<img decoding=\"async\" src=\"https:\/\/thinktopaz.cz\/wp-content\/uploads\/2024\/09\/web-3-1021x580-1-768x436.png\" alt=\"\u0160princov\u00e1: \u017deny v \u010desk\u00e9 politice\" \/>\r\n\t\t\t\t<\/a>\r\n\t\t\t<\/div>\r\n\t\t<\/div>\r\n\t\t\t\t<div class=\"pld-right-columns pld-medium-6 pld-columns\">\r\n\t\t\t\t\t\t<h2 class=\"pld-post-title\">\t\t\r\n\t\t\t\t<a href=\"https:\/\/thinktopaz.cz\/en\/2024\/08\/16\/sprincova-zeny-v-ceske-politice\/\">\u0160princov\u00e1: \u017deny v \u010desk\u00e9 politice<\/a>\r\n\t\t\t<\/h2>\r\n\t\t\t\t\t\t\t<div class=\"pld-post-meta\">\r\n\t\t\t\t\t16. August 2024\t\t\t\t<\/div>\r\n\t\t\t\t\t\r\n\t\t\t\t<div class=\"pld-post-content\">\t\t\t\t\r\n\t\t\t\t\t<div class=\"pld-post-content-inner\">\r\n\t\t\t\t\t\tN\u00e1sleduj\u00edc\u00ed text napsala analyti\u010dka F\u00f3ra 50 % Veronika \u0160princov\u00e1 pro na\u0161i publikaci Shrnut\u00ed:&nbsp;P\u0159esto, \u017ee je \u010cesko v\u00e1z\u00e1no \u0159adou n\u00e1rodn\u00edch i...\t\t\t\t\t<\/div>\r\n\t\t\t\t\t<a class=\"pld-readmorebtn\" href=\"https:\/\/thinktopaz.cz\/en\/2024\/08\/16\/sprincova-zeny-v-ceske-politice\/\">Read More<\/a>\t\t\t\t\t\r\n\t\t\t\t<\/div>\r\n\t\t\t\t\t\t\t\t\r\n\t\t\t\t<div class=\"pld-post-tags\">\t\t\t\r\n\t\t\t\t\tTags: <a href=\"https:\/\/thinktopaz.cz\/en\/tag\/bezpecna-budoucnost\/\" rel=\"tag\">bezpe\u010dn\u00e1 budoucnost<\/a>, <a href=\"https:\/\/thinktopaz.cz\/en\/tag\/rovnost-zen-a-muzu\/\" rel=\"tag\">rovnost \u017een a mu\u017e\u016f<\/a>, <a href=\"https:\/\/thinktopaz.cz\/en\/tag\/stredni-evropa\/\" rel=\"tag\">st\u0159edn\u00ed Evropa<\/a>, <a href=\"https:\/\/thinktopaz.cz\/en\/tag\/veronika-sprincova\/\" rel=\"tag\">Veronika \u0160princov\u00e1<\/a>\t\t\t\t<\/div>\r\n\t\t\t\t\t<\/div>\r\n\t<\/div>\r\n<\/div><div class=\"pld-post-list-inr\">\t\r\n\t<div class=\"pld-post-list-content pld-clearfix\">\r\n\t\t\t\t<div class=\"pld-left-columns pld-medium-6 pld-columns\">\r\n\t\t\t<div class=\"pld-post-image-bg\">\r\n\t\t\t\t<a href=\"https:\/\/thinktopaz.cz\/en\/2024\/08\/13\/filipec-tema-ukrajinskych-uprchliku-v-kontextu-informacni-valky\/\">\r\n\t\t\t\t\t<img decoding=\"async\" src=\"https:\/\/thinktopaz.cz\/wp-content\/uploads\/2024\/09\/web-2-1-1021x580-1-768x436.png\" alt=\"Filipec: T\u00e9ma ukrajinsk\u00fdch uprchl\u00edk\u016f v kontextu informa\u010dn\u00ed v\u00e1lky\" \/>\r\n\t\t\t\t<\/a>\r\n\t\t\t<\/div>\r\n\t\t<\/div>\r\n\t\t\t\t<div class=\"pld-right-columns pld-medium-6 pld-columns\">\r\n\t\t\t\t\t\t<h2 class=\"pld-post-title\">\t\t\r\n\t\t\t\t<a href=\"https:\/\/thinktopaz.cz\/en\/2024\/08\/13\/filipec-tema-ukrajinskych-uprchliku-v-kontextu-informacni-valky\/\">Filipec: T\u00e9ma ukrajinsk\u00fdch uprchl\u00edk\u016f v kontextu informa\u010dn\u00ed v\u00e1lky<\/a>\r\n\t\t\t<\/h2>\r\n\t\t\t\t\t\t\t<div class=\"pld-post-meta\">\r\n\t\t\t\t\t13. August 2024\t\t\t\t<\/div>\r\n\t\t\t\t\t\r\n\t\t\t\t<div class=\"pld-post-content\">\t\t\t\t\r\n\t\t\t\t\t<div class=\"pld-post-content-inner\">\r\n\t\t\t\t\t\tN\u00e1sleduj\u00edc\u00ed text napsal politolog Ond\u0159ej Filipec pro na\u0161i publikaci Shrnut\u00ed:&nbsp;T\u00e9ma migrace dlouhodob\u011b rezonuje ve ve\u0159ejn\u00fdch debat\u00e1ch evropsk\u00fdch zem\u00ed a pro...\t\t\t\t\t<\/div>\r\n\t\t\t\t\t<a class=\"pld-readmorebtn\" href=\"https:\/\/thinktopaz.cz\/en\/2024\/08\/13\/filipec-tema-ukrajinskych-uprchliku-v-kontextu-informacni-valky\/\">Read More<\/a>\t\t\t\t\t\r\n\t\t\t\t<\/div>\r\n\t\t\t\t\t\t\t\t\r\n\t\t\t\t<div class=\"pld-post-tags\">\t\t\t\r\n\t\t\t\t\tTags: <a href=\"https:\/\/thinktopaz.cz\/en\/tag\/cesko\/\" rel=\"tag\">\u010cesko<\/a>, <a href=\"https:\/\/thinktopaz.cz\/en\/tag\/migrace\/\" rel=\"tag\">migrace<\/a>, <a href=\"https:\/\/thinktopaz.cz\/en\/tag\/ondrej-filipec\/\" rel=\"tag\">Ond\u0159ej Filipec<\/a>, <a href=\"https:\/\/thinktopaz.cz\/en\/tag\/propaganda\/\" rel=\"tag\">propaganda<\/a>, <a href=\"https:\/\/thinktopaz.cz\/en\/tag\/stredni-evropa\/\" rel=\"tag\">st\u0159edn\u00ed Evropa<\/a>, <a href=\"https:\/\/thinktopaz.cz\/en\/tag\/uprchlici\/\" rel=\"tag\">uprchl\u00edci<\/a>\t\t\t\t<\/div>\r\n\t\t\t\t\t<\/div>\r\n\t<\/div>\r\n<\/div><div class=\"pld-post-list-inr\">\t\r\n\t<div class=\"pld-post-list-content pld-clearfix\">\r\n\t\t\t\t<div class=\"pld-left-columns pld-medium-6 pld-columns\">\r\n\t\t\t<div class=\"pld-post-image-bg\">\r\n\t\t\t\t<a href=\"https:\/\/thinktopaz.cz\/en\/2024\/08\/08\/inovacni-diplomacie-perspektivy-dalsiho-rozvoje-policy-paper-c-3-2024\/\">\r\n\t\t\t\t\t<img decoding=\"async\" src=\"https:\/\/thinktopaz.cz\/wp-content\/uploads\/2024\/09\/DALL\u00b7E-2024-07-01-16.31.45-Two-hands-shaking-one-symbolizing-diplomacy-and-the-other-symbolizing-innovation.-The-hand-representing-diplomacy-is-wearing-a-formal-suit-sleeve-wh-1021x580-1-768x436.webp\" alt=\"Inova\u010dn\u00ed diplomacie \u2013 perspektivy dal\u0161\u00edho rozvoje (Policy paper \u010d. 3\/2024)\" \/>\r\n\t\t\t\t<\/a>\r\n\t\t\t<\/div>\r\n\t\t<\/div>\r\n\t\t\t\t<div class=\"pld-right-columns pld-medium-6 pld-columns\">\r\n\t\t\t\t\t\t<h2 class=\"pld-post-title\">\t\t\r\n\t\t\t\t<a href=\"https:\/\/thinktopaz.cz\/en\/2024\/08\/08\/inovacni-diplomacie-perspektivy-dalsiho-rozvoje-policy-paper-c-3-2024\/\">Innovation Diplomacy - Prospects for Further Development (Policy Paper No. 3\/2024)<\/a>\r\n\t\t\t<\/h2>\r\n\t\t\t\t\t\t\t<div class=\"pld-post-meta\">\r\n\t\t\t\t\t8. August 2024\t\t\t\t<\/div>\r\n\t\t\t\t\t\r\n\t\t\t\t<div class=\"pld-post-content\">\t\t\t\t\r\n\t\t\t\t\t<div class=\"pld-post-content-inner\">\r\n\t\t\t\t\t\tRecently, the importance of scientific diplomacy has been growing and it is becoming one of the new trends in the Czech context. This...\t\t\t\t\t<\/div>\r\n\t\t\t\t\t<a class=\"pld-readmorebtn\" href=\"https:\/\/thinktopaz.cz\/en\/2024\/08\/08\/inovacni-diplomacie-perspektivy-dalsiho-rozvoje-policy-paper-c-3-2024\/\">Read More<\/a>\t\t\t\t\t\r\n\t\t\t\t<\/div>\r\n\t\t\t\t\t\t\t\t\r\n\t\t\t\t<div class=\"pld-post-tags\">\t\t\t\r\n\t\t\t\t\tTags: <a href=\"https:\/\/thinktopaz.cz\/en\/tag\/cesko\/\" rel=\"tag\">\u010cesko<\/a>, <a href=\"https:\/\/thinktopaz.cz\/en\/tag\/diplomacie\/\" rel=\"tag\">diplomacie<\/a>, <a href=\"https:\/\/thinktopaz.cz\/en\/tag\/inovace\/\" rel=\"tag\">inovace<\/a>, <a href=\"https:\/\/thinktopaz.cz\/en\/tag\/veda\/\" rel=\"tag\">v\u011bda<\/a>, <a href=\"https:\/\/thinktopaz.cz\/en\/tag\/vyzkum\/\" rel=\"tag\">v\u00fdzkum<\/a>\t\t\t\t<\/div>\r\n\t\t\t\t\t<\/div>\r\n\t<\/div>\r\n<\/div><div class=\"pld-post-list-inr\">\t\r\n\t<div class=\"pld-post-list-content pld-clearfix\">\r\n\t\t\t\t<div class=\"pld-left-columns pld-medium-6 pld-columns\">\r\n\t\t\t<div class=\"pld-post-image-bg\">\r\n\t\t\t\t<a href=\"https:\/\/thinktopaz.cz\/en\/2024\/08\/06\/pozice-starosty-v-komunalnich-volbach-2014-a-2018-policy-paper-c-2-2024\/\">\r\n\t\t\t\t\t<img decoding=\"async\" src=\"https:\/\/thinktopaz.cz\/wp-content\/uploads\/2024\/09\/DALL\u00b7E-2024-07-01-17.01.21-A-colorful-picture-of-a-voting-booth-with-a-grey-ballot-box-in-front-of-it-but-change-the-ballot-box-to-a-more-angular-simplified-design-like-the-on-1021x580-1-768x436.webp\" alt=\"Pozice starosty v komun\u00e1ln\u00edch volb\u00e1ch 2014 a 2018 (Policy paper \u010d. 2\/2024)\" \/>\r\n\t\t\t\t<\/a>\r\n\t\t\t<\/div>\r\n\t\t<\/div>\r\n\t\t\t\t<div class=\"pld-right-columns pld-medium-6 pld-columns\">\r\n\t\t\t\t\t\t<h2 class=\"pld-post-title\">\t\t\r\n\t\t\t\t<a href=\"https:\/\/thinktopaz.cz\/en\/2024\/08\/06\/pozice-starosty-v-komunalnich-volbach-2014-a-2018-policy-paper-c-2-2024\/\">Mayor's position in the 2014 and 2018 local elections (Policy paper No. 2\/2024)<\/a>\r\n\t\t\t<\/h2>\r\n\t\t\t\t\t\t\t<div class=\"pld-post-meta\">\r\n\t\t\t\t\t6. August 2024\t\t\t\t<\/div>\r\n\t\t\t\t\t\r\n\t\t\t\t<div class=\"pld-post-content\">\t\t\t\t\r\n\t\t\t\t\t<div class=\"pld-post-content-inner\">\r\n\t\t\t\t\t\tThe mayor is one of the traditional and most visible authorities of the municipality. Although he has statutory powers, the inhabitants of the municipality sometimes have no idea what all...\t\t\t\t\t<\/div>\r\n\t\t\t\t\t<a class=\"pld-readmorebtn\" href=\"https:\/\/thinktopaz.cz\/en\/2024\/08\/06\/pozice-starosty-v-komunalnich-volbach-2014-a-2018-policy-paper-c-2-2024\/\">Read More<\/a>\t\t\t\t\t\r\n\t\t\t\t<\/div>\r\n\t\t\t\t\t\t\t\t\r\n\t\t\t\t<div class=\"pld-post-tags\">\t\t\t\r\n\t\t\t\t\tTags: <a href=\"https:\/\/thinktopaz.cz\/en\/tag\/jihomoravsky-kraj\/\" rel=\"tag\">Jihomoravsk\u00fd kraj<\/a>, <a href=\"https:\/\/thinktopaz.cz\/en\/tag\/komunalni-volby\/\" rel=\"tag\">komun\u00e1ln\u00ed volby<\/a>, <a href=\"https:\/\/thinktopaz.cz\/en\/tag\/pardubicky-kraj\/\" rel=\"tag\">Pardubick\u00fd kraj<\/a>, <a href=\"https:\/\/thinktopaz.cz\/en\/tag\/starosta\/\" rel=\"tag\">starosta<\/a>\t\t\t\t<\/div>\r\n\t\t\t\t\t<\/div>\r\n\t<\/div>\r\n<\/div><div class=\"pld-post-list-inr\">\t\r\n\t<div class=\"pld-post-list-content pld-clearfix\">\r\n\t\t\t\t<div class=\"pld-left-columns pld-medium-6 pld-columns\">\r\n\t\t\t<div class=\"pld-post-image-bg\">\r\n\t\t\t\t<a href=\"https:\/\/thinktopaz.cz\/en\/2024\/08\/05\/rod-360stupnovy-pristup-ke-zvladani-dezinformaci-idealni-pomocnik-na-ceste-z-bludneho-kruhu-soucasnych-snah\/\">\r\n\t\t\t\t\t<img decoding=\"async\" src=\"https:\/\/thinktopaz.cz\/wp-content\/uploads\/2024\/09\/web-1-1021x580-1-768x436.png\" alt=\"Rod: 360stup\u0148ov\u00fd p\u0159\u00edstup ke zvl\u00e1d\u00e1n\u00ed dezinformac\u00ed: ide\u00e1ln\u00ed pomocn\u00edk na cest\u011b z bludn\u00e9ho kruhu sou\u010dasn\u00fdch snah\" \/>\r\n\t\t\t\t<\/a>\r\n\t\t\t<\/div>\r\n\t\t<\/div>\r\n\t\t\t\t<div class=\"pld-right-columns pld-medium-6 pld-columns\">\r\n\t\t\t\t\t\t<h2 class=\"pld-post-title\">\t\t\r\n\t\t\t\t<a href=\"https:\/\/thinktopaz.cz\/en\/2024\/08\/05\/rod-360stupnovy-pristup-ke-zvladani-dezinformaci-idealni-pomocnik-na-ceste-z-bludneho-kruhu-soucasnych-snah\/\">Rod: 360stup\u0148ov\u00fd p\u0159\u00edstup ke zvl\u00e1d\u00e1n\u00ed dezinformac\u00ed: ide\u00e1ln\u00ed pomocn\u00edk na cest\u011b z bludn\u00e9ho kruhu sou\u010dasn\u00fdch snah<\/a>\r\n\t\t\t<\/h2>\r\n\t\t\t\t\t\t\t<div class=\"pld-post-meta\">\r\n\t\t\t\t\t5. August 2024\t\t\t\t<\/div>\r\n\t\t\t\t\t\r\n\t\t\t\t<div class=\"pld-post-content\">\t\t\t\t\r\n\t\t\t\t\t<div class=\"pld-post-content-inner\">\r\n\t\t\t\t\t\tN\u00e1sleduj\u00edc\u00ed text napsal politolog a expert na strategickou komunikaci Zden\u011bk Rod pro na\u0161i publikaci Shrnut\u00ed:&nbsp;\u010cesko se pot\u00fdk\u00e1 s prudk\u00fdm n\u00e1r\u016fstem...\t\t\t\t\t<\/div>\r\n\t\t\t\t\t<a class=\"pld-readmorebtn\" href=\"https:\/\/thinktopaz.cz\/en\/2024\/08\/05\/rod-360stupnovy-pristup-ke-zvladani-dezinformaci-idealni-pomocnik-na-ceste-z-bludneho-kruhu-soucasnych-snah\/\">Read More<\/a>\t\t\t\t\t\r\n\t\t\t\t<\/div>\r\n\t\t\t\t\t\t\t\t\r\n\t\t\t\t<div class=\"pld-post-tags\">\t\t\t\r\n\t\t\t\t\tTags: <a href=\"https:\/\/thinktopaz.cz\/en\/tag\/behavioralni-nudging\/\" rel=\"tag\">behavior\u00e1ln\u00ed nudging<\/a>, <a href=\"https:\/\/thinktopaz.cz\/en\/tag\/dezinformace\/\" rel=\"tag\">dezinformace<\/a>, <a href=\"https:\/\/thinktopaz.cz\/en\/tag\/fact-checking\/\" rel=\"tag\">fact-checking<\/a>, <a href=\"https:\/\/thinktopaz.cz\/en\/tag\/kriticke-mysleni\/\" rel=\"tag\">kritick\u00e9 my\u0161len\u00ed<\/a>, <a href=\"https:\/\/thinktopaz.cz\/en\/tag\/strategicka-komunikace\/\" rel=\"tag\">strategick\u00e1 komunikace<\/a>, <a href=\"https:\/\/thinktopaz.cz\/en\/tag\/zdenek-rod\/\" rel=\"tag\">Zden\u011bk Rod<\/a>\t\t\t\t<\/div>\r\n\t\t\t\t\t<\/div>\r\n\t<\/div>\r\n<\/div>\r\n\t\t\t\t\t<div class=\"pld-pagination pld-clearfix\">\r\n\r\n\t\t\t\t<span aria-current=\"page\" class=\"page-numbers current\">1<\/span>\n<a class=\"page-numbers\" href=\"https:\/\/thinktopaz.cz\/en\/wp-json\/wp\/v2\/pages\/5322\/page\/2\/\">2<\/a>\n<a class=\"page-numbers\" href=\"https:\/\/thinktopaz.cz\/en\/wp-json\/wp\/v2\/pages\/5322\/page\/3\/\">3<\/a>\n<a class=\"next page-numbers\" href=\"https:\/\/thinktopaz.cz\/en\/wp-json\/wp\/v2\/pages\/5322\/page\/2\/\">Next &raquo;<\/a>\t\t\t<\/div>\r\n\t\t\t<\/div>\r\n\t<\/div>\n\t\t\t\t\t\t<\/div>\n\t\t\t\t<\/div>\n\t\t\t\t\t<\/div>\n\t\t<\/div>\n\t\t\t\t\t<\/div>\n\t\t<\/section>\n\t\t\t\t<section class=\"elementor-section elementor-top-section elementor-element elementor-element-85726bb elementor-section-boxed elementor-section-height-default elementor-section-height-default\" data-id=\"85726bb\" data-element_type=\"section\" data-e-type=\"section\" data-settings=\"{&quot;jet_parallax_layout_list&quot;:[]}\">\n\t\t\t\t\t\t<div class=\"elementor-container elementor-column-gap-default\">\n\t\t\t\t\t<div class=\"elementor-column elementor-col-100 elementor-top-column elementor-element elementor-element-af59b53\" data-id=\"af59b53\" data-element_type=\"column\" data-e-type=\"column\">\n\t\t\t<div class=\"elementor-widget-wrap elementor-element-populated\">\n\t\t\t\t\t\t<div class=\"elementor-element elementor-element-c73e3e3 elementor-widget elementor-widget-shortcode\" data-id=\"c73e3e3\" data-element_type=\"widget\" data-e-type=\"widget\" data-widget_type=\"shortcode.default\">\n\t\t\t\t<div class=\"elementor-widget-container\">\n\t\t\t\t\t\t\t<div class=\"elementor-shortcode\">\t\t<div data-elementor-type=\"wp-post\" data-elementor-id=\"19111\" class=\"elementor elementor-19111\" data-elementor-post-type=\"elementor-hf\">\n\t\t\t\t\t\t<section class=\"elementor-section elementor-top-section elementor-element elementor-element-e167ca9 elementor-section-boxed elementor-section-height-default elementor-section-height-default\" data-id=\"e167ca9\" data-element_type=\"section\" data-e-type=\"section\" data-settings=\"{&quot;jet_parallax_layout_list&quot;:[{&quot;jet_parallax_layout_image&quot;:{&quot;url&quot;:&quot;&quot;,&quot;id&quot;:&quot;&quot;,&quot;size&quot;:&quot;&quot;},&quot;_id&quot;:&quot;a22a062&quot;,&quot;jet_parallax_layout_speed&quot;:{&quot;unit&quot;:&quot;%&quot;,&quot;size&quot;:50,&quot;sizes&quot;:[]},&quot;jet_parallax_layout_image_tablet&quot;:{&quot;url&quot;:&quot;&quot;,&quot;id&quot;:&quot;&quot;,&quot;size&quot;:&quot;&quot;},&quot;jet_parallax_layout_image_mobile&quot;:{&quot;url&quot;:&quot;&quot;,&quot;id&quot;:&quot;&quot;,&quot;size&quot;:&quot;&quot;},&quot;jet_parallax_layout_type&quot;:&quot;scroll&quot;,&quot;jet_parallax_layout_direction&quot;:null,&quot;jet_parallax_layout_fx_direction&quot;:null,&quot;jet_parallax_layout_z_index&quot;:&quot;&quot;,&quot;jet_parallax_layout_bg_x&quot;:50,&quot;jet_parallax_layout_bg_x_tablet&quot;:&quot;&quot;,&quot;jet_parallax_layout_bg_x_mobile&quot;:&quot;&quot;,&quot;jet_parallax_layout_bg_y&quot;:50,&quot;jet_parallax_layout_bg_y_tablet&quot;:&quot;&quot;,&quot;jet_parallax_layout_bg_y_mobile&quot;:&quot;&quot;,&quot;jet_parallax_layout_bg_size&quot;:&quot;auto&quot;,&quot;jet_parallax_layout_bg_size_tablet&quot;:&quot;&quot;,&quot;jet_parallax_layout_bg_size_mobile&quot;:&quot;&quot;,&quot;jet_parallax_layout_animation_prop&quot;:&quot;transform&quot;,&quot;jet_parallax_layout_on&quot;:[&quot;desktop&quot;,&quot;tablet&quot;]}],&quot;background_background&quot;:&quot;classic&quot;}\">\n\t\t\t\t\t\t<div class=\"elementor-container elementor-column-gap-default\">\n\t\t\t\t\t<div class=\"elementor-column elementor-col-33 elementor-top-column elementor-element elementor-element-978412d\" data-id=\"978412d\" data-element_type=\"column\" data-e-type=\"column\">\n\t\t\t<div class=\"elementor-widget-wrap elementor-element-populated\">\n\t\t\t\t\t\t<div class=\"elementor-element elementor-element-bce5339 elementor-widget elementor-widget-heading\" data-id=\"bce5339\" data-element_type=\"widget\" data-e-type=\"widget\" data-widget_type=\"heading.default\">\n\t\t\t\t<div class=\"elementor-widget-container\">\n\t\t\t\t\t<h2 class=\"elementor-heading-title elementor-size-default\"><span style=\"text-transform:uppercase\"> Contact   <\/span><\/h2>\t\t\t\t<\/div>\n\t\t\t\t<\/div>\n\t\t\t\t<div class=\"elementor-element elementor-element-3b6c862 elementor-widget elementor-widget-text-editor\" data-id=\"3b6c862\" data-element_type=\"widget\" data-e-type=\"widget\" data-widget_type=\"text-editor.default\">\n\t\t\t\t<div class=\"elementor-widget-container\">\n\t\t\t\t\t\t\t\t\t<p>TOPAZ, z.s., Opletalova 1603\/57<br \/>110 00 Praha 1-Nov\u00e9 M\u011bsto, Czech republic<\/p><p><a href=\"mailto:info@thinktopaz.cz\">info@thinktopaz.cz<\/a><\/p><p>tel.: 773 000 242<\/p>\t\t\t\t\t\t\t\t<\/div>\n\t\t\t\t<\/div>\n\t\t\t\t<div class=\"elementor-element elementor-element-24249b4 elementor-widget elementor-widget-jet-mega-menu\" data-id=\"24249b4\" data-element_type=\"widget\" data-e-type=\"widget\" data-widget_type=\"jet-mega-menu.default\">\n\t\t\t\t<div class=\"elementor-widget-container\">\n\t\t\t\t\t<div class=\"menu-footer-menu-container\"><div class=\"jet-menu-container\"><div class=\"jet-menu-inner\"><ul class=\"jet-menu jet-menu--animation-type-fade\"><li id=\"jet-menu-item-19417\" class=\"jet-menu-item jet-menu-item-type-post_type jet-menu-item-object-page jet-no-roll-up jet-simple-menu-item jet-regular-item jet-menu-item-19417\"><a href=\"https:\/\/thinktopaz.cz\/en\/o-nas\/\" class=\"top-level-link\"><div class=\"jet-menu-item-wrapper\"><div class=\"jet-menu-title\">ABOUT<\/div><\/div><\/a><\/li>\n<li id=\"jet-menu-item-19419\" class=\"jet-menu-item jet-menu-item-type-post_type jet-menu-item-object-page jet-no-roll-up jet-simple-menu-item jet-regular-item jet-menu-item-19419\"><a href=\"https:\/\/thinktopaz.cz\/en\/podporte-nas\/\" class=\"top-level-link\"><div class=\"jet-menu-item-wrapper\"><div class=\"jet-menu-title\">SUPPORT US<\/div><\/div><\/a><\/li>\n<li id=\"jet-menu-item-19420\" class=\"jet-menu-item jet-menu-item-type-post_type jet-menu-item-object-page jet-no-roll-up jet-simple-menu-item jet-regular-item jet-menu-item-19420\"><a href=\"https:\/\/thinktopaz.cz\/en\/staze\/\" class=\"top-level-link\"><div class=\"jet-menu-item-wrapper\"><div class=\"jet-menu-title\">INTERNSHIPS<\/div><\/div><\/a><\/li>\n<li id=\"jet-menu-item-20489\" class=\"jet-menu-item jet-menu-item-type-post_type jet-menu-item-object-page jet-no-roll-up jet-simple-menu-item jet-regular-item jet-menu-item-20489\"><a href=\"https:\/\/thinktopaz.cz\/en\/ke-stazeni\/\" class=\"top-level-link\"><div class=\"jet-menu-item-wrapper\"><div class=\"jet-menu-title\">TO DOWNLOAD<\/div><\/div><\/a><\/li>\n<li id=\"jet-menu-item-21550\" class=\"jet-menu-item jet-menu-item-type-custom jet-menu-item-object-custom jet-no-roll-up jet-simple-menu-item jet-regular-item jet-menu-item-21550\"><a href=\"https:\/\/old.top-az.eu\" class=\"top-level-link\"><div class=\"jet-menu-item-wrapper\"><div class=\"jet-menu-title\">ARCHIVE<\/div><\/div><\/a><\/li>\n<\/ul><\/div><\/div><\/div>\t\t\t\t<\/div>\n\t\t\t\t<\/div>\n\t\t\t\t\t<\/div>\n\t\t<\/div>\n\t\t\t\t<div class=\"elementor-column elementor-col-33 elementor-top-column elementor-element elementor-element-651aecf\" data-id=\"651aecf\" data-element_type=\"column\" data-e-type=\"column\">\n\t\t\t<div class=\"elementor-widget-wrap elementor-element-populated\">\n\t\t\t\t\t\t<div class=\"elementor-element elementor-element-2539d4c elementor-widget elementor-widget-image\" data-id=\"2539d4c\" data-element_type=\"widget\" data-e-type=\"widget\" data-widget_type=\"image.default\">\n\t\t\t\t<div class=\"elementor-widget-container\">\n\t\t\t\t\t\t\t\t\t\t\t\t\t\t\t<img fetchpriority=\"high\" decoding=\"async\" width=\"1024\" height=\"1024\" src=\"https:\/\/thinktopaz.cz\/wp-content\/uploads\/2023\/11\/topazlogo-1024x1024.png\" class=\"attachment-large size-large wp-image-19568\" alt=\"\" srcset=\"https:\/\/thinktopaz.cz\/wp-content\/uploads\/2023\/11\/topazlogo-1024x1024.png 1024w, https:\/\/thinktopaz.cz\/wp-content\/uploads\/2023\/11\/topazlogo-300x300.png 300w, https:\/\/thinktopaz.cz\/wp-content\/uploads\/2023\/11\/topazlogo-150x150.png 150w, https:\/\/thinktopaz.cz\/wp-content\/uploads\/2023\/11\/topazlogo-768x768.png 768w, https:\/\/thinktopaz.cz\/wp-content\/uploads\/2023\/11\/topazlogo-1536x1536.png 1536w, https:\/\/thinktopaz.cz\/wp-content\/uploads\/2023\/11\/topazlogo-2048x2048.png 2048w, https:\/\/thinktopaz.cz\/wp-content\/uploads\/2023\/11\/topazlogo-12x12.png 12w, https:\/\/thinktopaz.cz\/wp-content\/uploads\/2023\/11\/topazlogo-230x230.png 230w, https:\/\/thinktopaz.cz\/wp-content\/uploads\/2023\/11\/topazlogo-400x400.png 400w, https:\/\/thinktopaz.cz\/wp-content\/uploads\/2023\/11\/topazlogo-600x600.png 600w, https:\/\/thinktopaz.cz\/wp-content\/uploads\/2023\/11\/topazlogo-640x640.png 640w\" sizes=\"(max-width: 1024px) 100vw, 1024px\" \/>\t\t\t\t\t\t\t\t\t\t\t\t\t\t\t<\/div>\n\t\t\t\t<\/div>\n\t\t\t\t<section class=\"elementor-section elementor-inner-section elementor-element elementor-element-6c49f34 elementor-section-boxed elementor-section-height-default elementor-section-height-default\" data-id=\"6c49f34\" data-element_type=\"section\" data-e-type=\"section\" data-settings=\"{&quot;jet_parallax_layout_list&quot;:[],&quot;background_background&quot;:&quot;classic&quot;}\">\n\t\t\t\t\t\t<div class=\"elementor-container elementor-column-gap-default\">\n\t\t\t\t\t<div class=\"elementor-column elementor-col-100 elementor-inner-column elementor-element elementor-element-dc6804e\" data-id=\"dc6804e\" data-element_type=\"column\" data-e-type=\"column\">\n\t\t\t<div class=\"elementor-widget-wrap elementor-element-populated\">\n\t\t\t\t\t\t<div class=\"elementor-element elementor-element-0043b96 elementor-shape-circle e-grid-align-tablet-right elementor-widget__width-initial elementor-grid-5 e-grid-align-center elementor-widget elementor-widget-social-icons\" data-id=\"0043b96\" data-element_type=\"widget\" data-e-type=\"widget\" data-widget_type=\"social-icons.default\">\n\t\t\t\t<div class=\"elementor-widget-container\">\n\t\t\t\t\t\t\t<div class=\"elementor-social-icons-wrapper elementor-grid\" role=\"list\">\n\t\t\t\t\t\t\t<span class=\"elementor-grid-item\" role=\"listitem\">\n\t\t\t\t\t<a class=\"elementor-icon elementor-social-icon elementor-social-icon-facebook-f elementor-animation-pop elementor-repeater-item-35606b2\" href=\"https:\/\/www.facebook.com\/topazeu\" target=\"_blank\">\n\t\t\t\t\t\t<span class=\"elementor-screen-only\">Facebook-f<\/span>\n\t\t\t\t\t\t<i aria-hidden=\"true\" class=\"fab fa-facebook-f\"><\/i>\t\t\t\t\t<\/a>\n\t\t\t\t<\/span>\n\t\t\t\t\t\t\t<span class=\"elementor-grid-item\" role=\"listitem\">\n\t\t\t\t\t<a class=\"elementor-icon elementor-social-icon elementor-social-icon-twitter elementor-animation-pop elementor-repeater-item-aa98107\" href=\"https:\/\/twitter.com\/TOPAZcs\" target=\"_blank\">\n\t\t\t\t\t\t<span class=\"elementor-screen-only\">Twitter<\/span>\n\t\t\t\t\t\t<i aria-hidden=\"true\" class=\"fab fa-twitter\"><\/i>\t\t\t\t\t<\/a>\n\t\t\t\t<\/span>\n\t\t\t\t\t\t\t<span class=\"elementor-grid-item\" role=\"listitem\">\n\t\t\t\t\t<a class=\"elementor-icon elementor-social-icon elementor-social-icon-instagram elementor-animation-pop elementor-repeater-item-b5f3d89\" href=\"https:\/\/www.instagram.com\/topaz_cz\/\" target=\"_blank\">\n\t\t\t\t\t\t<span class=\"elementor-screen-only\">Instagram<\/span>\n\t\t\t\t\t\t<i aria-hidden=\"true\" class=\"fab fa-instagram\"><\/i>\t\t\t\t\t<\/a>\n\t\t\t\t<\/span>\n\t\t\t\t\t\t\t<span class=\"elementor-grid-item\" role=\"listitem\">\n\t\t\t\t\t<a class=\"elementor-icon elementor-social-icon elementor-social-icon-linkedin elementor-animation-pop elementor-repeater-item-5108cf3\" href=\"https:\/\/www.linkedin.com\/company\/topaz-z-s\/?viewAsMember=true\" target=\"_blank\">\n\t\t\t\t\t\t<span class=\"elementor-screen-only\">Linkedin<\/span>\n\t\t\t\t\t\t<i aria-hidden=\"true\" class=\"fab fa-linkedin\"><\/i>\t\t\t\t\t<\/a>\n\t\t\t\t<\/span>\n\t\t\t\t\t\t\t<span class=\"elementor-grid-item\" role=\"listitem\">\n\t\t\t\t\t<a class=\"elementor-icon elementor-social-icon elementor-social-icon-youtube elementor-animation-pop elementor-repeater-item-251c5d1\" href=\"https:\/\/www.youtube.com\/channel\/UCtFVPfrtAnli3QPxBD9DnRg\" target=\"_blank\">\n\t\t\t\t\t\t<span class=\"elementor-screen-only\">Youtube<\/span>\n\t\t\t\t\t\t<i aria-hidden=\"true\" class=\"fab fa-youtube\"><\/i>\t\t\t\t\t<\/a>\n\t\t\t\t<\/span>\n\t\t\t\t\t<\/div>\n\t\t\t\t\t\t<\/div>\n\t\t\t\t<\/div>\n\t\t\t\t\t<\/div>\n\t\t<\/div>\n\t\t\t\t\t<\/div>\n\t\t<\/section>\n\t\t\t\t\t<\/div>\n\t\t<\/div>\n\t\t\t\t<div class=\"elementor-column elementor-col-33 elementor-top-column elementor-element elementor-element-312633e\" data-id=\"312633e\" data-element_type=\"column\" data-e-type=\"column\">\n\t\t\t<div class=\"elementor-widget-wrap elementor-element-populated\">\n\t\t\t\t\t\t<div class=\"elementor-element elementor-element-1175f72 elementor-widget elementor-widget-heading\" data-id=\"1175f72\" data-element_type=\"widget\" data-e-type=\"widget\" data-widget_type=\"heading.default\">\n\t\t\t\t<div class=\"elementor-widget-container\">\n\t\t\t\t\t<h2 class=\"elementor-heading-title elementor-size-default\"><span style=\"text-transform:uppercase\"> Want to <p>stay updated?  <\/p><\/span><\/h2>\t\t\t\t<\/div>\n\t\t\t\t<\/div>\n\t\t\t\t<div class=\"elementor-element elementor-element-244cfc0 elementor-widget elementor-widget-text-editor\" data-id=\"244cfc0\" data-element_type=\"widget\" data-e-type=\"widget\" data-widget_type=\"text-editor.default\">\n\t\t\t\t<div class=\"elementor-widget-container\">\n\t\t\t\t\t\t\t\t\t<p>Subscribe to our newsletter and you won't miss a thing!<\/p>\t\t\t\t\t\t\t\t<\/div>\n\t\t\t\t<\/div>\n\t\t\t\t<div class=\"elementor-element elementor-element-21489 elementor-button-align-center elementor-widget elementor-widget-global elementor-global-21489 elementor-widget-form\" data-id=\"21489\" data-element_type=\"widget\" data-e-type=\"widget\" data-settings=\"{&quot;step_next_label&quot;:&quot;Next&quot;,&quot;step_previous_label&quot;:&quot;Previous&quot;,&quot;step_type&quot;:&quot;number_text&quot;,&quot;step_icon_shape&quot;:&quot;circle&quot;}\" data-widget_type=\"form.default\">\n\t\t\t\t<div class=\"elementor-widget-container\">\n\t\t\t\t\t\t\t<form class=\"elementor-form\" method=\"post\" name=\"Newsletter\" action=\"\">\r\n\t\t\t<input type=\"hidden\" name=\"post_id\" value=\"19111\"\/>\r\n\t\t\t<input type=\"hidden\" name=\"form_id\" value=\"21489\"\/>\r\n\t\t\t<input type=\"hidden\" name=\"referer_title\" value=\"\" \/>\r\n\r\n\t\t\t\r\n\t\t\t<div class=\"elementor-form-fields-wrapper elementor-labels-\">\r\n\t\t\t\t\t\t\t\t<div class=\"elementor-field-type-email elementor-field-group elementor-column elementor-field-group-email elementor-col-100 elementor-field-required\">\r\n\t\t\t\t\t\t\t\t\t\t\t\t<label for=\"form-field-email\" class=\"elementor-field-label elementor-screen-only\">\r\n\t\t\t\t\t\t\t\tEmail\t\t\t\t\t\t\t<\/label>\r\n\t\t\t\t\t\t\t\t\t\t\t\t\t\t<input size=\"1\" type=\"email\" name=\"form_fields[email]\" id=\"form-field-email\" class=\"elementor-field elementor-size-sm  elementor-field-textual\" placeholder=\"Fill out your email address\" required=\"required\" aria-required=\"true\">\r\n\t\t\t\t\t\t\t\t\t\t\t<\/div>\r\n\t\t\t\t\t\t\t\t<div class=\"elementor-field-group elementor-column elementor-field-type-submit elementor-col-100 e-form__buttons\">\r\n\t\t\t\t\t<button class=\"elementor-button elementor-size-xs\" type=\"submit\">\r\n\t\t\t\t\t\t<span class=\"elementor-button-content-wrapper\">\r\n\t\t\t\t\t\t\t\t\t\t\t\t\t\t\t\t\t\t\t\t\t\t<span class=\"elementor-button-text\">SUBSCRIBE<\/span>\r\n\t\t\t\t\t\t\t\t\t\t\t\t\t<\/span>\r\n\t\t\t\t\t<\/button>\r\n\t\t\t\t<\/div>\r\n\t\t\t<\/div>\r\n\t\t<input type=\"hidden\" name=\"trp-form-language\" value=\"en\"\/><\/form>\r\n\t\t\t\t\t\t<\/div>\n\t\t\t\t<\/div>\n\t\t\t\t\t<\/div>\n\t\t<\/div>\n\t\t\t\t\t<\/div>\n\t\t<\/section>\n\t\t\t\t<section class=\"elementor-section elementor-inner-section elementor-element elementor-element-8dae438 elementor-section-boxed elementor-section-height-default elementor-section-height-default\" data-id=\"8dae438\" data-element_type=\"section\" data-e-type=\"section\" data-settings=\"{&quot;jet_parallax_layout_list&quot;:[{&quot;jet_parallax_layout_image&quot;:{&quot;url&quot;:&quot;&quot;,&quot;id&quot;:&quot;&quot;,&quot;size&quot;:&quot;&quot;},&quot;_id&quot;:&quot;51d18b4&quot;,&quot;jet_parallax_layout_speed&quot;:{&quot;unit&quot;:&quot;%&quot;,&quot;size&quot;:50,&quot;sizes&quot;:[]},&quot;jet_parallax_layout_image_tablet&quot;:{&quot;url&quot;:&quot;&quot;,&quot;id&quot;:&quot;&quot;,&quot;size&quot;:&quot;&quot;},&quot;jet_parallax_layout_image_mobile&quot;:{&quot;url&quot;:&quot;&quot;,&quot;id&quot;:&quot;&quot;,&quot;size&quot;:&quot;&quot;},&quot;jet_parallax_layout_type&quot;:&quot;scroll&quot;,&quot;jet_parallax_layout_direction&quot;:null,&quot;jet_parallax_layout_fx_direction&quot;:null,&quot;jet_parallax_layout_z_index&quot;:&quot;&quot;,&quot;jet_parallax_layout_bg_x&quot;:50,&quot;jet_parallax_layout_bg_x_tablet&quot;:&quot;&quot;,&quot;jet_parallax_layout_bg_x_mobile&quot;:&quot;&quot;,&quot;jet_parallax_layout_bg_y&quot;:50,&quot;jet_parallax_layout_bg_y_tablet&quot;:&quot;&quot;,&quot;jet_parallax_layout_bg_y_mobile&quot;:&quot;&quot;,&quot;jet_parallax_layout_bg_size&quot;:&quot;auto&quot;,&quot;jet_parallax_layout_bg_size_tablet&quot;:&quot;&quot;,&quot;jet_parallax_layout_bg_size_mobile&quot;:&quot;&quot;,&quot;jet_parallax_layout_animation_prop&quot;:&quot;transform&quot;,&quot;jet_parallax_layout_on&quot;:[&quot;desktop&quot;,&quot;tablet&quot;]}]}\">\n\t\t\t\t\t\t<div class=\"elementor-container elementor-column-gap-default\">\n\t\t\t\t\t<div class=\"elementor-column elementor-col-100 elementor-inner-column elementor-element elementor-element-ee20e78\" data-id=\"ee20e78\" data-element_type=\"column\" data-e-type=\"column\">\n\t\t\t<div class=\"elementor-widget-wrap elementor-element-populated\">\n\t\t\t\t\t\t<div class=\"elementor-element elementor-element-d6a5e96 elementor-widget elementor-widget-text-editor\" data-id=\"d6a5e96\" data-element_type=\"widget\" data-e-type=\"widget\" data-widget_type=\"text-editor.default\">\n\t\t\t\t<div class=\"elementor-widget-container\">\n\t\t\t\t\t\t\t\t\t<p>TOPAZ \u00a9 . V\u0161echna pr\u00e1va vyhrazena.<\/p>\t\t\t\t\t\t\t\t<\/div>\n\t\t\t\t<\/div>\n\t\t\t\t\t<\/div>\n\t\t<\/div>\n\t\t\t\t\t<\/div>\n\t\t<\/section>\n\t\t\t\t<\/div>\n\t\t<\/div>\n\t\t\t\t\t\t<\/div>\n\t\t\t\t<\/div>\n\t\t\t\t\t<\/div>\n\t\t<\/div>\n\t\t\t\t\t<\/div>\n\t\t<\/section>\n\t\t\t\t<\/div>","protected":false},"excerpt":{"rendered":"<p>Publikujeme Bulletin Ostatn\u00ed Policy papers Publikace Ro\u010denka V\u00fdro\u010dn\u00ed zpr\u00e1vy<\/p>","protected":false},"author":1,"featured_media":0,"parent":0,"menu_order":0,"comment_status":"closed","ping_status":"closed","template":"page-templates\/fullwidth-content.php","meta":{"footnotes":""},"class_list":["post-5322","page","type-page","status-publish","hentry"],"_links":{"self":[{"href":"https:\/\/thinktopaz.cz\/en\/wp-json\/wp\/v2\/pages\/5322","targetHints":{"allow":["GET"]}}],"collection":[{"href":"https:\/\/thinktopaz.cz\/en\/wp-json\/wp\/v2\/pages"}],"about":[{"href":"https:\/\/thinktopaz.cz\/en\/wp-json\/wp\/v2\/types\/page"}],"author":[{"embeddable":true,"href":"https:\/\/thinktopaz.cz\/en\/wp-json\/wp\/v2\/users\/1"}],"replies":[{"embeddable":true,"href":"https:\/\/thinktopaz.cz\/en\/wp-json\/wp\/v2\/comments?post=5322"}],"version-history":[{"count":65,"href":"https:\/\/thinktopaz.cz\/en\/wp-json\/wp\/v2\/pages\/5322\/revisions"}],"predecessor-version":[{"id":20597,"href":"https:\/\/thinktopaz.cz\/en\/wp-json\/wp\/v2\/pages\/5322\/revisions\/20597"}],"wp:attachment":[{"href":"https:\/\/thinktopaz.cz\/en\/wp-json\/wp\/v2\/media?parent=5322"}],"curies":[{"name":"wp","href":"https:\/\/api.w.org\/{rel}","templated":true}]}}